{"id":21,"date":"2023-04-03T18:25:01","date_gmt":"2023-04-03T16:25:01","guid":{"rendered":"https:\/\/consolatozurigo.esteri.it\/?page_id=21"},"modified":"2023-05-04T10:54:04","modified_gmt":"2023-05-04T08:54:04","slug":"news","status":"publish","type":"page","link":"https:\/\/consbarcellona.esteri.it\/it\/news\/","title":{"rendered":"Notizie"},"content":{"rendered":"        <div class=\"row\">\n\t\t\t<!-- Ricerca sedi post -->\n\t\t\t<div class=\"col-12 mt-4\">\n\t\t\t  <div class=\"callout callout-highlight note ricerca-esteri p-4\">\n                    <div class=\"callout-title\">\n                        <svg class=\"icon\">\n                            <use xlink:href=\"https:\/\/consbarcellona.esteri.it\/wp-content\/themes\/sedi-tema\/assets\/svg\/sprites.svg#it-search\"><\/use>\n                        <\/svg>Inserisci i parametri di ricerca                    <\/div>\n                    <form id=\"searchFormPost\" name=\"form-search-post\" class=\"form-row align-items-center\" action=\"https:\/\/consbarcellona.esteri.it\/it\/wp-json\/wp\/v2\/pages\/21\/\" method=\"GET\"> \n                        <!-- <div class=\"form-group pt-5\"> -->\n                            <!-- <input type=\"hidden\" id=\"lang\" name=\"lang\" value=\"\"> --> <!-- <\/div> -->\n\n                        <div class=\"it-datepicker-wrapper\">\n                            <div class=\"row\">\n                                <div class=\"form-group col-md-6\">\n                                    <label class=\"active\" for=\"date-init\">Dal<\/label>\n                                    <input class=\"form-control\" name=\"date-init\" id=\"date-init\" type=\"date\" placeholder=\"gg\/mm\/aaaa\" value=\"\"lang=\"en-EN\">  \n                                <\/div>\n                                <div class=\"form-group col-md-6\">\n                                    <label class=\"active\" for=\"date-end\">Al<\/label>\n                                    <input class=\"form-control\" name=\"date-end\" id=\"date-end\" type=\"date\" placeholder=\"gg\/mm\/aaaa\" value=\"\">\n                                <\/div>\n                            <\/div>\n                        <\/div>\n                        <div class=\"form-group col-md-12 mt-3\">\n                            <label for=\"searchText\">Campo ricerca libera<\/label>\n                            <input type=\"text\" name=\"searchText\" class=\"form-control\" id=\"searchText\" value=\"\">\n                        <\/div>\n                        <div class=\"form-group col-md-4 offset-md-8 text-end\">\n                            <a href=\"https:\/\/consbarcellona.esteri.it\/it\/news\/\" title=\"Form reset\" id=\"resetImput\" class=\"btn btn-outline-primary btn-xs\">Reset<\/a>\n                            <button type=\"submit\" class=\"btn btn-primary btn-xs\">Mostra risultati<\/button>\n                        <\/div>\n                    <\/form>\n\t\t\t\t<\/div>\n\t\t\t<\/div>\n\t\t<\/div>\n                    \n            <div class=\"row\">\n                            <div class=\"col-12 mt-3\">\n                <!--start card-->\n                <div class=\"card-wrapper card-space\">\n                    <div class=\"card card-bg card-big border-bottom-card\">\n                        <div class=\"card-body \">\n                                                        <div class=\"category-top\">\n                                                                                                            <span class=\"\">\n                                        <svg class=\"icon icon-secondary\">\n                                            <use xlink:href=\"https:\/\/consbarcellona.esteri.it\/wp-content\/themes\/sedi-tema\/assets\/svg\/sprites.svg#it-calendar\"><\/use>\n                                        <\/svg> 22 Aprile 2026                                    <\/span>\n                                                                    <\/div>\n                            <h5 class=\"card-title big-heading text-uppercase\"><a class=\"text-body text-decoration-none\" href=\"https:\/\/consbarcellona.esteri.it\/it\/news\/dal_consolato\/2026\/04\/iniziativa-viaggi-destate\/\" title=\"Iniziativa &#8220;Viaggi d&#8217;estate&#8221;\">Iniziativa &#8220;Viaggi d&#8217;estate&#8221;<\/a><\/h5>\n                            <p class=\"card-text\">Con l\u2019approssimarsi del periodo estivo, al fine di agevolare i connazionali residenti presso questa circoscrizione consolare, regolarmente iscritti all\u2019A.I.R.E., che prevedono viaggi in tale periodo e risultano sprovvisti di documenti validi o in possesso di passaporti in scadenza ravvicinata, il Consolato ha avviato l\u2019iniziativa straordinaria \u201cVIAGGI D\u2019ESTATE\u201d. I connazionali interessati possono aderire inviando una richiesta [&hellip;]<\/p>\n                                <a title=\"Iniziativa &#8220;Viaggi d&#8217;estate&#8221;\" class=\"read-more\" href=\"https:\/\/consbarcellona.esteri.it\/it\/news\/dal_consolato\/2026\/04\/iniziativa-viaggi-destate\/\">\n                                    <span class=\"text\">Leggi di pi\u00f9<\/span>\n                                    <svg class=\"icon\">\n                                    <use xlink:href=\"https:\/\/consbarcellona.esteri.it\/wp-content\/themes\/sedi-tema\/assets\/svg\/sprites.svg#it-arrow-right\"><\/use>\n                                    <\/svg>\n                                <\/a>\n                                                    <\/div>\n                    <\/div>\n                <\/div>\n                <!--end card-->\n                <\/div><!-- col-12 .mt-3-->\n                            <div class=\"col-12 mt-3\">\n                <!--start card-->\n                <div class=\"card-wrapper card-space\">\n                    <div class=\"card card-bg card-big border-bottom-card\">\n                        <div class=\"card-body \">\n                                                        <div class=\"category-top\">\n                                                                                                            <span class=\"\">\n                                        <svg class=\"icon icon-secondary\">\n                                            <use xlink:href=\"https:\/\/consbarcellona.esteri.it\/wp-content\/themes\/sedi-tema\/assets\/svg\/sprites.svg#it-calendar\"><\/use>\n                                        <\/svg> 16 Aprile 2026                                    <\/span>\n                                                                    <\/div>\n                            <h5 class=\"card-title big-heading text-uppercase\"><a class=\"text-body text-decoration-none\" href=\"https:\/\/consbarcellona.esteri.it\/it\/news\/dal_consolato\/2026\/04\/interruzione-dei-servizi-consolari-nei-giorni-2-3-febbraio-2026\/\" title=\"Interruzione dei servizi consolari nei giorni 22-23 aprile 2026\">Interruzione dei servizi consolari nei giorni 22-23 aprile 2026<\/a><\/h5>\n                            <p class=\"card-text\">Il Consolato Generale d\u2019Italia a Barcellona informa l\u2019utenza che nei giorni 22 e 23 aprile c.a. i servizi consolari (compresa l&#8217;emissione di ETD &#8211; Emergency Travel Document) saranno interrotti, causa migrazione sul PSN (Polo Strategico Nazionale) delle applicazioni SIFC (Sistema Integrato di Funzioni Consolari) e Fast It (Farnesina Servizi Telematici per Italiani all\u2019estero). Il Consolato [&hellip;]<\/p>\n                                <a title=\"Interruzione dei servizi consolari nei giorni 22-23 aprile 2026\" class=\"read-more\" href=\"https:\/\/consbarcellona.esteri.it\/it\/news\/dal_consolato\/2026\/04\/interruzione-dei-servizi-consolari-nei-giorni-2-3-febbraio-2026\/\">\n                                    <span class=\"text\">Leggi di pi\u00f9<\/span>\n                                    <svg class=\"icon\">\n                                    <use xlink:href=\"https:\/\/consbarcellona.esteri.it\/wp-content\/themes\/sedi-tema\/assets\/svg\/sprites.svg#it-arrow-right\"><\/use>\n                                    <\/svg>\n                                <\/a>\n                                                    <\/div>\n                    <\/div>\n                <\/div>\n                <!--end card-->\n                <\/div><!-- col-12 .mt-3-->\n                            <div class=\"col-12 mt-3\">\n                <!--start card-->\n                <div class=\"card-wrapper card-space\">\n                    <div class=\"card card-bg card-big border-bottom-card\">\n                        <div class=\"card-body \">\n                                                        <div class=\"category-top\">\n                                                                                                            <span class=\"\">\n                                        <svg class=\"icon icon-secondary\">\n                                            <use xlink:href=\"https:\/\/consbarcellona.esteri.it\/wp-content\/themes\/sedi-tema\/assets\/svg\/sprites.svg#it-calendar\"><\/use>\n                                        <\/svg> 3 Aprile 2026                                    <\/span>\n                                                                    <\/div>\n                            <h5 class=\"card-title big-heading text-uppercase\"><a class=\"text-body text-decoration-none\" href=\"https:\/\/consbarcellona.esteri.it\/it\/news\/dal_consolato\/2026\/04\/auguri-di-buona-pasqua\/\" title=\"Auguri di Buona Pasqua\">Auguri di Buona Pasqua<\/a><\/h5>\n                            <p class=\"card-text\"><\/p>\n                                <a title=\"Auguri di Buona Pasqua\" class=\"read-more\" href=\"https:\/\/consbarcellona.esteri.it\/it\/news\/dal_consolato\/2026\/04\/auguri-di-buona-pasqua\/\">\n                                    <span class=\"text\">Leggi di pi\u00f9<\/span>\n                                    <svg class=\"icon\">\n                                    <use xlink:href=\"https:\/\/consbarcellona.esteri.it\/wp-content\/themes\/sedi-tema\/assets\/svg\/sprites.svg#it-arrow-right\"><\/use>\n                                    <\/svg>\n                                <\/a>\n                                                    <\/div>\n                    <\/div>\n                <\/div>\n                <!--end card-->\n                <\/div><!-- col-12 .mt-3-->\n                            <div class=\"col-12 mt-3\">\n                <!--start card-->\n                <div class=\"card-wrapper card-space\">\n                    <div class=\"card card-bg card-big border-bottom-card\">\n                        <div class=\"card-body \">\n                                                        <div class=\"category-top\">\n                                                                                                            <span class=\"\">\n                                        <svg class=\"icon icon-secondary\">\n                                            <use xlink:href=\"https:\/\/consbarcellona.esteri.it\/wp-content\/themes\/sedi-tema\/assets\/svg\/sprites.svg#it-calendar\"><\/use>\n                                        <\/svg> 31 Marzo 2026                                    <\/span>\n                                                                    <\/div>\n                            <h5 class=\"card-title big-heading text-uppercase\"><a class=\"text-body text-decoration-none\" href=\"https:\/\/consbarcellona.esteri.it\/it\/news\/dal_consolato\/2026\/03\/ambasciata-ditalia-a-madrid-avviso-di-assunzione-di-impiegati-a-contratto-temporaneo-scadenza-14-04-2026\/\" title=\"Ambasciata d&#8217;Italia a Madrid &#8211; Avviso di assunzione di impiegati a contratto temporaneo &#8211; Scadenza 14\/04\/2026\">Ambasciata d&#8217;Italia a Madrid &#8211; Avviso di assunzione di impiegati a contratto temporaneo &#8211; Scadenza 14\/04\/2026<\/a><\/h5>\n                            <p class=\"card-text\">L&#8217;Ambasciata d&#8217;Italia a Madrid ha pubblicato due avvisi di assunzione di personale a contratto temporaneo: Avviso di assunzione di n\u00b01 impiegato a contratto temporaneo (6 mesi): Si pu\u00f2 consultare\u00a0qui\u00a0l\u2019avviso completo e presentare la propria candidatura, tramite l\u2019indirizzo di posta elettronica segnalato, entro e non oltre le\u00a0ore 23.59 del giorno 14.04.2026. Avviso di assunzione di n\u00b02 [&hellip;]<\/p>\n                                <a title=\"Ambasciata d&#8217;Italia a Madrid &#8211; Avviso di assunzione di impiegati a contratto temporaneo &#8211; Scadenza 14\/04\/2026\" class=\"read-more\" href=\"https:\/\/consbarcellona.esteri.it\/it\/news\/dal_consolato\/2026\/03\/ambasciata-ditalia-a-madrid-avviso-di-assunzione-di-impiegati-a-contratto-temporaneo-scadenza-14-04-2026\/\">\n                                    <span class=\"text\">Leggi di pi\u00f9<\/span>\n                                    <svg class=\"icon\">\n                                    <use xlink:href=\"https:\/\/consbarcellona.esteri.it\/wp-content\/themes\/sedi-tema\/assets\/svg\/sprites.svg#it-arrow-right\"><\/use>\n                                    <\/svg>\n                                <\/a>\n                                                    <\/div>\n                    <\/div>\n                <\/div>\n                <!--end card-->\n                <\/div><!-- col-12 .mt-3-->\n                            <div class=\"col-12 mt-3\">\n                <!--start card-->\n                <div class=\"card-wrapper card-space\">\n                    <div class=\"card card-bg card-big border-bottom-card\">\n                        <div class=\"card-body \">\n                                                        <div class=\"category-top\">\n                                                                                                            <span class=\"\">\n                                        <svg class=\"icon icon-secondary\">\n                                            <use xlink:href=\"https:\/\/consbarcellona.esteri.it\/wp-content\/themes\/sedi-tema\/assets\/svg\/sprites.svg#it-calendar\"><\/use>\n                                        <\/svg> 20 Marzo 2026                                    <\/span>\n                                                                    <\/div>\n                            <h5 class=\"card-title big-heading text-uppercase\"><a class=\"text-body text-decoration-none\" href=\"https:\/\/consbarcellona.esteri.it\/it\/news\/dal_consolato\/2026\/03\/conferenza-montessori-lo-spazio-dellapprendere-metodo-territori-e-ambiente-10-aprile-2026\/\" title=\"Conferenza Montessori \u201cLo spazio dell\u2019apprendere. Metodo, territori e ambiente\u201d &#8211; 10 aprile 2026\">Conferenza Montessori \u201cLo spazio dell\u2019apprendere. Metodo, territori e ambiente\u201d &#8211; 10 aprile 2026<\/a><\/h5>\n                            <p class=\"card-text\">La Conferenza Montessori &#8220;Lo Spazio dell&#8217;Apprendimento&#8221; nasce come luogo di incontro e dialogo sull&#8217;impatto e la rilevanza del pensiero pedagogico di Maria Montessori. La conferenza si propone di promuovere un dialogo tra la ricerca educativa, la progettazione degli spazi e le pratiche didattiche contemporanee, ispirandosi all&#8217;eredit\u00e0 della pedagogista italiana. La conferenza nasce dal desiderio della [&hellip;]<\/p>\n                                <a title=\"Conferenza Montessori \u201cLo spazio dell\u2019apprendere. Metodo, territori e ambiente\u201d &#8211; 10 aprile 2026\" class=\"read-more\" href=\"https:\/\/consbarcellona.esteri.it\/it\/news\/dal_consolato\/2026\/03\/conferenza-montessori-lo-spazio-dellapprendere-metodo-territori-e-ambiente-10-aprile-2026\/\">\n                                    <span class=\"text\">Leggi di pi\u00f9<\/span>\n                                    <svg class=\"icon\">\n                                    <use xlink:href=\"https:\/\/consbarcellona.esteri.it\/wp-content\/themes\/sedi-tema\/assets\/svg\/sprites.svg#it-arrow-right\"><\/use>\n                                    <\/svg>\n                                <\/a>\n                                                    <\/div>\n                    <\/div>\n                <\/div>\n                <!--end card-->\n                <\/div><!-- col-12 .mt-3-->\n                            <div class=\"col-12 mt-3\">\n                <!--start card-->\n                <div class=\"card-wrapper card-space\">\n                    <div class=\"card card-bg card-big border-bottom-card\">\n                        <div class=\"card-body \">\n                                                        <div class=\"category-top\">\n                                                                                                            <span class=\"\">\n                                        <svg class=\"icon icon-secondary\">\n                                            <use xlink:href=\"https:\/\/consbarcellona.esteri.it\/wp-content\/themes\/sedi-tema\/assets\/svg\/sprites.svg#it-calendar\"><\/use>\n                                        <\/svg> 13 Marzo 2026                                    <\/span>\n                                                                    <\/div>\n                            <h5 class=\"card-title big-heading text-uppercase\"><a class=\"text-body text-decoration-none\" href=\"https:\/\/consbarcellona.esteri.it\/it\/news\/dal_consolato\/2026\/03\/pubblicato-il-bando-per-le-borse-di-studio-offerte-dal-governo-italiano-a-studenti-stranieri-e-italiani-residenti-allestero-ire-scadenza-26-marzo-2026-ore-14-00\/\" title=\"PUBBLICATO IL BANDO PER LE BORSE DI STUDIO OFFERTE DAL GOVERNO ITALIANO A STUDENTI STRANIERI E ITALIANI RESIDENTI ALL\u2019ESTERO (IRE). SCADENZA: 26 MARZO 2026, ORE 14.00\">PUBBLICATO IL BANDO PER LE BORSE DI STUDIO OFFERTE DAL GOVERNO ITALIANO A STUDENTI STRANIERI E ITALIANI RESIDENTI ALL\u2019ESTERO (IRE). SCADENZA: 26 MARZO 2026, ORE 14.00<\/a><\/h5>\n                            <p class=\"card-text\">Il\u00a0Ministero degli Affari Esteri e della Cooperazione Internazionale\u00a0(MAECI)\u00a0offre borse di studio\u00a0in favore di\u00a0studenti stranieri e cittadini Italiani Residenti all\u2019Estero (IRE)\u00a0per\u00a0l\u2019anno accademico 2026-2027, con l\u2019obiettivo di favorire la cooperazione in campo culturale, scientifico e tecnologico, la proiezione del sistema economico dell\u2019Italia nel mondo e la diffusione della conoscenza della lingua e cultura italiana (Rif. Legge 288\/55 [&hellip;]<\/p>\n                                <a title=\"PUBBLICATO IL BANDO PER LE BORSE DI STUDIO OFFERTE DAL GOVERNO ITALIANO A STUDENTI STRANIERI E ITALIANI RESIDENTI ALL\u2019ESTERO (IRE). SCADENZA: 26 MARZO 2026, ORE 14.00\" class=\"read-more\" href=\"https:\/\/consbarcellona.esteri.it\/it\/news\/dal_consolato\/2026\/03\/pubblicato-il-bando-per-le-borse-di-studio-offerte-dal-governo-italiano-a-studenti-stranieri-e-italiani-residenti-allestero-ire-scadenza-26-marzo-2026-ore-14-00\/\">\n                                    <span class=\"text\">Leggi di pi\u00f9<\/span>\n                                    <svg class=\"icon\">\n                                    <use xlink:href=\"https:\/\/consbarcellona.esteri.it\/wp-content\/themes\/sedi-tema\/assets\/svg\/sprites.svg#it-arrow-right\"><\/use>\n                                    <\/svg>\n                                <\/a>\n                                                    <\/div>\n                    <\/div>\n                <\/div>\n                <!--end card-->\n                <\/div><!-- col-12 .mt-3-->\n                            <div class=\"col-12 mt-3\">\n                <!--start card-->\n                <div class=\"card-wrapper card-space\">\n                    <div class=\"card card-bg card-big border-bottom-card\">\n                        <div class=\"card-body \">\n                                                        <div class=\"category-top\">\n                                                                                                            <span class=\"\">\n                                        <svg class=\"icon icon-secondary\">\n                                            <use xlink:href=\"https:\/\/consbarcellona.esteri.it\/wp-content\/themes\/sedi-tema\/assets\/svg\/sprites.svg#it-calendar\"><\/use>\n                                        <\/svg> 10 Marzo 2026                                    <\/span>\n                                                                    <\/div>\n                            <h5 class=\"card-title big-heading text-uppercase\"><a class=\"text-body text-decoration-none\" href=\"https:\/\/consbarcellona.esteri.it\/it\/news\/dal_consolato\/2026\/03\/possibilita-per-le-associazioni-italiane-di-presentare-richieste-di-contributi-per-la-realizzazione-di-attivita-culturali-ricreative-educative-e-informative-a-favore-delle-comunita-italiane-resident\/\" title=\"POSSIBILIT\u00c0 PER LE ASSOCIAZIONI ITALIANE DI PRESENTARE RICHIESTE DI CONTRIBUTI PER LA REALIZZAZIONE DI ATTIVIT\u00c0 CULTURALI, RICREATIVE, EDUCATIVE E INFORMATIVE A FAVORE DELLE COMUNIT\u00c0 ITALIANE RESIDENTI ALL\u2019ESTERO\">POSSIBILIT\u00c0 PER LE ASSOCIAZIONI ITALIANE DI PRESENTARE RICHIESTE DI CONTRIBUTI PER LA REALIZZAZIONE DI ATTIVIT\u00c0 CULTURALI, RICREATIVE, EDUCATIVE E INFORMATIVE A FAVORE DELLE COMUNIT\u00c0 ITALIANE RESIDENTI ALL\u2019ESTERO<\/a><\/h5>\n                            <p class=\"card-text\">Si informa che il Ministero degli Esteri e della Cooperazione Internazionale (MAECI), secondo quanto previsto dal Decreto del Direttore Generale della DGIT n. 13 del 20 maggio 2020, eroga contributi per la realizzazione di iniziative culturali, ricreative, educative e informative, promosse da soggetti pubblici o privati a favore delle collettivit\u00e0 italiane residenti all\u2019estero, che abbiano [&hellip;]<\/p>\n                                <a title=\"POSSIBILIT\u00c0 PER LE ASSOCIAZIONI ITALIANE DI PRESENTARE RICHIESTE DI CONTRIBUTI PER LA REALIZZAZIONE DI ATTIVIT\u00c0 CULTURALI, RICREATIVE, EDUCATIVE E INFORMATIVE A FAVORE DELLE COMUNIT\u00c0 ITALIANE RESIDENTI ALL\u2019ESTERO\" class=\"read-more\" href=\"https:\/\/consbarcellona.esteri.it\/it\/news\/dal_consolato\/2026\/03\/possibilita-per-le-associazioni-italiane-di-presentare-richieste-di-contributi-per-la-realizzazione-di-attivita-culturali-ricreative-educative-e-informative-a-favore-delle-comunita-italiane-resident\/\">\n                                    <span class=\"text\">Leggi di pi\u00f9<\/span>\n                                    <svg class=\"icon\">\n                                    <use xlink:href=\"https:\/\/consbarcellona.esteri.it\/wp-content\/themes\/sedi-tema\/assets\/svg\/sprites.svg#it-arrow-right\"><\/use>\n                                    <\/svg>\n                                <\/a>\n                                                    <\/div>\n                    <\/div>\n                <\/div>\n                <!--end card-->\n                <\/div><!-- col-12 .mt-3-->\n                            <div class=\"col-12 mt-3\">\n                <!--start card-->\n                <div class=\"card-wrapper card-space\">\n                    <div class=\"card card-bg card-big border-bottom-card\">\n                        <div class=\"card-body \">\n                                                        <div class=\"category-top\">\n                                                                                                            <span class=\"\">\n                                        <svg class=\"icon icon-secondary\">\n                                            <use xlink:href=\"https:\/\/consbarcellona.esteri.it\/wp-content\/themes\/sedi-tema\/assets\/svg\/sprites.svg#it-calendar\"><\/use>\n                                        <\/svg> 9 Marzo 2026                                    <\/span>\n                                                                    <\/div>\n                            <h5 class=\"card-title big-heading text-uppercase\"><a class=\"text-body text-decoration-none\" href=\"https:\/\/consbarcellona.esteri.it\/it\/news\/dal_consolato\/2026\/03\/avviso-pubblico-di-sponsorizzazione-per-lorganizzazione-della-festa-della-repubblica-2026\/\" title=\"AVVISO PUBBLICO DI SPONSORIZZAZIONE PER L\u2019ORGANIZZAZIONE DELLA FESTA DELLA REPUBBLICA 2026\">AVVISO PUBBLICO DI SPONSORIZZAZIONE PER L\u2019ORGANIZZAZIONE DELLA FESTA DELLA REPUBBLICA 2026<\/a><\/h5>\n                            <p class=\"card-text\">Il Consolato Generale d\u2019Italia a Barcellona intende procedere alla ricerca di sponsorizzazioni per l\u2019organizzazione delle attivit\u00e0 collegate alla celebrazione della prossima Festa della Repubblica Italiana (2 giugno 2026). Maggiori informazioni nell\u2019Avviso Pubblico -&gt; CLICCA QUI Allegato A &#8211; Offerta di sponsorizzazione Allegato B &#8211; Autocertificazione &#8211; Documento Unico dei requisiti Allegato C &#8211; Informativa Trattamento [&hellip;]<\/p>\n                                <a title=\"AVVISO PUBBLICO DI SPONSORIZZAZIONE PER L\u2019ORGANIZZAZIONE DELLA FESTA DELLA REPUBBLICA 2026\" class=\"read-more\" href=\"https:\/\/consbarcellona.esteri.it\/it\/news\/dal_consolato\/2026\/03\/avviso-pubblico-di-sponsorizzazione-per-lorganizzazione-della-festa-della-repubblica-2026\/\">\n                                    <span class=\"text\">Leggi di pi\u00f9<\/span>\n                                    <svg class=\"icon\">\n                                    <use xlink:href=\"https:\/\/consbarcellona.esteri.it\/wp-content\/themes\/sedi-tema\/assets\/svg\/sprites.svg#it-arrow-right\"><\/use>\n                                    <\/svg>\n                                <\/a>\n                                                    <\/div>\n                    <\/div>\n                <\/div>\n                <!--end card-->\n                <\/div><!-- col-12 .mt-3-->\n                            <div class=\"col-12 mt-3\">\n                <!--start card-->\n                <div class=\"card-wrapper card-space\">\n                    <div class=\"card card-bg card-big border-bottom-card\">\n                        <div class=\"card-body \">\n                                                        <div class=\"category-top\">\n                                                                                                            <span class=\"\">\n                                        <svg class=\"icon icon-secondary\">\n                                            <use xlink:href=\"https:\/\/consbarcellona.esteri.it\/wp-content\/themes\/sedi-tema\/assets\/svg\/sprites.svg#it-calendar\"><\/use>\n                                        <\/svg> 6 Marzo 2026                                    <\/span>\n                                                                    <\/div>\n                            <h5 class=\"card-title big-heading text-uppercase\"><a class=\"text-body text-decoration-none\" href=\"https:\/\/consbarcellona.esteri.it\/it\/news\/dal_consolato\/2026\/03\/referendum-costituzionale-2026-rilascio-dei-duplicati\/\" title=\"REFERENDUM COSTITUZIONALE 2026: RILASCIO DEI DUPLICATI\">REFERENDUM COSTITUZIONALE 2026: RILASCIO DEI DUPLICATI<\/a><\/h5>\n                            <p class=\"card-text\">Si informa che A PARTIRE DA DOMENICA 8 MARZO 2026 gli elettori che non hanno ricevuto il plico elettorale per il voto per corrispondenza in occasione del referendum costituzionale del 22 e 23 marzo al proprio indirizzo di residenza potranno richiederne un DUPLICATO al Consolato Generale d\u2019Italia a Barcellona. La richiesta di duplicato potr\u00e0 essere [&hellip;]<\/p>\n                                <a title=\"REFERENDUM COSTITUZIONALE 2026: RILASCIO DEI DUPLICATI\" class=\"read-more\" href=\"https:\/\/consbarcellona.esteri.it\/it\/news\/dal_consolato\/2026\/03\/referendum-costituzionale-2026-rilascio-dei-duplicati\/\">\n                                    <span class=\"text\">Leggi di pi\u00f9<\/span>\n                                    <svg class=\"icon\">\n                                    <use xlink:href=\"https:\/\/consbarcellona.esteri.it\/wp-content\/themes\/sedi-tema\/assets\/svg\/sprites.svg#it-arrow-right\"><\/use>\n                                    <\/svg>\n                                <\/a>\n                                                    <\/div>\n                    <\/div>\n                <\/div>\n                <!--end card-->\n                <\/div><!-- col-12 .mt-3-->\n                            <div class=\"col-12 mt-3\">\n                <!--start card-->\n                <div class=\"card-wrapper card-space\">\n                    <div class=\"card card-bg card-big border-bottom-card\">\n                        <div class=\"card-body \">\n                                                        <div class=\"category-top\">\n                                                                                                            <span class=\"\">\n                                        <svg class=\"icon icon-secondary\">\n                                            <use xlink:href=\"https:\/\/consbarcellona.esteri.it\/wp-content\/themes\/sedi-tema\/assets\/svg\/sprites.svg#it-calendar\"><\/use>\n                                        <\/svg> 25 Febbraio 2026                                    <\/span>\n                                                                    <\/div>\n                            <h5 class=\"card-title big-heading text-uppercase\"><a class=\"text-body text-decoration-none\" href=\"https:\/\/consbarcellona.esteri.it\/it\/news\/dal_consolato\/2026\/02\/possibilita-di-richiesta-della-carta-didentita-elettronica-presso-i-comuni-italiani-anche-per-i-cittadini-iscritti-allaire-a-partire-dal-1-giugno-2026\/\" title=\"Possibilit\u00e0 di richiesta della carta d\u2019identit\u00e0 elettronica presso i Comuni italiani anche per i cittadini iscritti all\u2019AIRE (a partire dal 1\u00b0 giugno 2026)\">Possibilit\u00e0 di richiesta della carta d\u2019identit\u00e0 elettronica presso i Comuni italiani anche per i cittadini iscritti all\u2019AIRE (a partire dal 1\u00b0 giugno 2026)<\/a><\/h5>\n                            <p class=\"card-text\">Con la pubblicazione in Gazzetta Ufficiale della\u00a0Legge n.11 del 19 gennaio 2026,\u00a0gli iscritti AIRE potranno richiedere la Carta d\u2019Identit\u00e0 Elettronica anche presso i Comuni italiani. In base alla previsione dell\u2019art. 5 della Legge 11\/2026,\u00a0a partire dal 1\u00b0 giugno 2026,\u00a0il cittadino italiano iscritto all\u2019Anagrafe degli Italiani Residenti all\u2019Estero (AIRE)\u00a0potr\u00e0 presentare domanda per il rilascio della carta [&hellip;]<\/p>\n                                <a title=\"Possibilit\u00e0 di richiesta della carta d\u2019identit\u00e0 elettronica presso i Comuni italiani anche per i cittadini iscritti all\u2019AIRE (a partire dal 1\u00b0 giugno 2026)\" class=\"read-more\" href=\"https:\/\/consbarcellona.esteri.it\/it\/news\/dal_consolato\/2026\/02\/possibilita-di-richiesta-della-carta-didentita-elettronica-presso-i-comuni-italiani-anche-per-i-cittadini-iscritti-allaire-a-partire-dal-1-giugno-2026\/\">\n                                    <span class=\"text\">Leggi di pi\u00f9<\/span>\n                                    <svg class=\"icon\">\n                                    <use xlink:href=\"https:\/\/consbarcellona.esteri.it\/wp-content\/themes\/sedi-tema\/assets\/svg\/sprites.svg#it-arrow-right\"><\/use>\n                                    <\/svg>\n                                <\/a>\n                                                    <\/div>\n                    <\/div>\n                <\/div>\n                <!--end card-->\n                <\/div><!-- col-12 .mt-3-->\n            \n            <div class=\"col-md-12 mt-4 pb-4\">\n                <nav class=\"navigation col-md-12\" aria-label=\"Navigation\">\n                    <h2 class=\"screen-reader-text visually-hidden\">Paginazione<\/h2>\n                    <div class=\"nav-links\">\n                    <span aria-current=\"page\" class=\"page-numbers current\">1<\/span>\n<a class=\"page-numbers\" href=\"https:\/\/consbarcellona.esteri.it\/it\/wp-json\/wp\/v2\/pages\/21\/?pag=2\">2<\/a>\n<a class=\"page-numbers\" href=\"https:\/\/consbarcellona.esteri.it\/it\/wp-json\/wp\/v2\/pages\/21\/?pag=3\">3<\/a>\n<span class=\"page-numbers dots\">&hellip;<\/span>\n<a class=\"page-numbers\" href=\"https:\/\/consbarcellona.esteri.it\/it\/wp-json\/wp\/v2\/pages\/21\/?pag=81\">81<\/a>\n<a class=\"next page-numbers\" href=\"https:\/\/consbarcellona.esteri.it\/it\/wp-json\/wp\/v2\/pages\/21\/?pag=2\"><svg class=\"icon icon-primary\"><use xlink:href=\"https:\/\/consbarcellona.esteri.it\/wp-content\/themes\/sedi-tema\/assets\/svg\/sprites.svg#it-chevron-right\"><\/use><\/svg>\n                                    <span class=\"visually-hidden\">Pagina successiva<\/span><\/a>                    <\/div>\n                <\/nav>\n            <\/div>   <!--.col-md-12 -->\n              <\/div><!--.row -->\n              \n","protected":false},"excerpt":{"rendered":"","protected":false},"author":1,"featured_media":0,"parent":0,"menu_order":10,"comment_status":"closed","ping_status":"closed","template":"","meta":{"footnotes":""},"class_list":["post-21","page","type-page","status-publish","hentry"],"_links":{"self":[{"href":"https:\/\/consbarcellona.esteri.it\/it\/wp-json\/wp\/v2\/pages\/21","targetHints":{"allow":["GET"]}}],"collection":[{"href":"https:\/\/consbarcellona.esteri.it\/it\/wp-json\/wp\/v2\/pages"}],"about":[{"href":"https:\/\/consbarcellona.esteri.it\/it\/wp-json\/wp\/v2\/types\/page"}],"author":[{"embeddable":true,"href":"https:\/\/consbarcellona.esteri.it\/it\/wp-json\/wp\/v2\/users\/1"}],"replies":[{"embeddable":true,"href":"https:\/\/consbarcellona.esteri.it\/it\/wp-json\/wp\/v2\/comments?post=21"}],"version-history":[{"count":2,"href":"https:\/\/consbarcellona.esteri.it\/it\/wp-json\/wp\/v2\/pages\/21\/revisions"}],"predecessor-version":[{"id":150,"href":"https:\/\/consbarcellona.esteri.it\/it\/wp-json\/wp\/v2\/pages\/21\/revisions\/150"}],"wp:attachment":[{"href":"https:\/\/consbarcellona.esteri.it\/it\/wp-json\/wp\/v2\/media?parent=21"}],"curies":[{"name":"wp","href":"https:\/\/api.w.org\/{rel}","templated":true}]}}