{"id":142,"date":"2023-04-03T18:25:01","date_gmt":"2023-04-03T16:25:01","guid":{"rendered":"https:\/\/consbarcellona.esteri.it\/news\/"},"modified":"2023-05-04T10:55:03","modified_gmt":"2023-05-04T08:55:03","slug":"news","status":"publish","type":"page","link":"https:\/\/consbarcellona.esteri.it\/es\/news\/","title":{"rendered":"Noticias"},"content":{"rendered":"        <div class=\"row\">\n\t\t\t<!-- Ricerca sedi post -->\n\t\t\t<div class=\"col-12 mt-4\">\n\t\t\t  <div class=\"callout callout-highlight note ricerca-esteri p-4\">\n                    <div class=\"callout-title\">\n                        <svg class=\"icon\">\n                            <use xlink:href=\"https:\/\/consbarcellona.esteri.it\/wp-content\/themes\/sedi-tema\/assets\/svg\/sprites.svg#it-search\"><\/use>\n                        <\/svg>Introduzca sus par\u00e1metros de b\u00fasqueda                    <\/div>\n                    <form id=\"searchFormPost\" name=\"form-search-post\" class=\"form-row align-items-center\" action=\"https:\/\/consbarcellona.esteri.it\/es\/wp-json\/wp\/v2\/pages\/142\/\" method=\"GET\"> \n                        <!-- <div class=\"form-group pt-5\"> -->\n                            <!-- <input type=\"hidden\" id=\"lang\" name=\"lang\" value=\"\"> --> <!-- <\/div> -->\n\n                        <div class=\"it-datepicker-wrapper\">\n                            <div class=\"row\">\n                                <div class=\"form-group col-md-6\">\n                                    <label class=\"active\" for=\"date-init\">Desde el<\/label>\n                                    <input class=\"form-control\" name=\"date-init\" id=\"date-init\" type=\"date\" placeholder=\"gg\/mm\/aaaa\" value=\"\"lang=\"en-EN\">  \n                                <\/div>\n                                <div class=\"form-group col-md-6\">\n                                    <label class=\"active\" for=\"date-end\">Hasta el<\/label>\n                                    <input class=\"form-control\" name=\"date-end\" id=\"date-end\" type=\"date\" placeholder=\"gg\/mm\/aaaa\" value=\"\">\n                                <\/div>\n                            <\/div>\n                        <\/div>\n                        <div class=\"form-group col-md-12 mt-3\">\n                            <label for=\"searchText\">Campo de b\u00fasqueda libre<\/label>\n                            <input type=\"text\" name=\"searchText\" class=\"form-control\" id=\"searchText\" value=\"\">\n                        <\/div>\n                        <div class=\"form-group col-md-4 offset-md-8 text-end\">\n                            <a href=\"https:\/\/consbarcellona.esteri.it\/es\/news\/\" title=\"Form reset\" id=\"resetImput\" class=\"btn btn-outline-primary btn-xs\">Reset<\/a>\n                            <button type=\"submit\" class=\"btn btn-primary btn-xs\">Mostrar resultados<\/button>\n                        <\/div>\n                    <\/form>\n\t\t\t\t<\/div>\n\t\t\t<\/div>\n\t\t<\/div>\n                    \n            <div class=\"row\">\n                            <div class=\"col-12 mt-3\">\n                <!--start card-->\n                <div class=\"card-wrapper card-space\">\n                    <div class=\"card card-bg card-big border-bottom-card\">\n                        <div class=\"card-body \">\n                                                        <div class=\"category-top\">\n                                                                                                            <span class=\"\">\n                                        <svg class=\"icon icon-secondary\">\n                                            <use xlink:href=\"https:\/\/consbarcellona.esteri.it\/wp-content\/themes\/sedi-tema\/assets\/svg\/sprites.svg#it-calendar\"><\/use>\n                                        <\/svg> 28 agosto 2026                                    <\/span>\n                                                                    <\/div>\n                            <h5 class=\"card-title big-heading text-uppercase\"><a class=\"text-body text-decoration-none\" href=\"https:\/\/consbarcellona.esteri.it\/es\/news\/dal_consolato\/2026\/08\/canale-dedicato-ai-minori-di-eta-sprovvisti-di-documento-di-identita\/\" title=\"Servicio dedicado a los MENORES de edad SIN documento de identidad\">Servicio dedicado a los MENORES de edad SIN documento de identidad<\/a><\/h5>\n                            <p class=\"card-text\">El Consulado General de Italia en Barcelona informa de que, a partir del 1 de septiembre de 2026, los padres o quienes ejerzan la patria potestad de menores que no dispongan de un documento de identidad italiano v\u00e1lido o que solo tengan un documento a punto de caducar podr\u00e1n solicitar una cita espec\u00edfica para la [&hellip;]<\/p>\n                                <a title=\"Servicio dedicado a los MENORES de edad SIN documento de identidad\" class=\"read-more\" href=\"https:\/\/consbarcellona.esteri.it\/es\/news\/dal_consolato\/2026\/08\/canale-dedicato-ai-minori-di-eta-sprovvisti-di-documento-di-identita\/\">\n                                    <span class=\"text\">Lee mas<\/span>\n                                    <svg class=\"icon\">\n                                    <use xlink:href=\"https:\/\/consbarcellona.esteri.it\/wp-content\/themes\/sedi-tema\/assets\/svg\/sprites.svg#it-arrow-right\"><\/use>\n                                    <\/svg>\n                                <\/a>\n                                                    <\/div>\n                    <\/div>\n                <\/div>\n                <!--end card-->\n                <\/div><!-- col-12 .mt-3-->\n                            <div class=\"col-12 mt-3\">\n                <!--start card-->\n                <div class=\"card-wrapper card-space\">\n                    <div class=\"card card-bg card-big border-bottom-card\">\n                        <div class=\"card-body \">\n                                                        <div class=\"category-top\">\n                                                                                                            <span class=\"\">\n                                        <svg class=\"icon icon-secondary\">\n                                            <use xlink:href=\"https:\/\/consbarcellona.esteri.it\/wp-content\/themes\/sedi-tema\/assets\/svg\/sprites.svg#it-calendar\"><\/use>\n                                        <\/svg> 20 agosto 2026                                    <\/span>\n                                                                    <\/div>\n                            <h5 class=\"card-title big-heading text-uppercase\"><a class=\"text-body text-decoration-none\" href=\"https:\/\/consbarcellona.esteri.it\/es\/news\/dal_consolato\/2026\/08\/e-nato-un-figlio-in-spagna-ecco-come-registrare-la-nascita\/\" title=\"\u00bfHa nacido un hijo en Espa\u00f1a? \u00a1Aqu\u00ed te explicamos c\u00f3mo inscribir el nacimiento!\">\u00bfHa nacido un hijo en Espa\u00f1a? \u00a1Aqu\u00ed te explicamos c\u00f3mo inscribir el nacimiento!<\/a><\/h5>\n                            <p class=\"card-text\">Seg\u00fan la nueva normativa, un menor nacido en el extranjero de padres italianos es ciudadano italiano si: uno de los padres o un abuelo tiene exclusivamente la nacionalidad italiana; el progenitor italiano ha residido en Italia durante al menos dos a\u00f1os consecutivos tras haber obtenido la nacionalidad italiana y antes de la fecha de nacimiento [&hellip;]<\/p>\n                                <a title=\"\u00bfHa nacido un hijo en Espa\u00f1a? \u00a1Aqu\u00ed te explicamos c\u00f3mo inscribir el nacimiento!\" class=\"read-more\" href=\"https:\/\/consbarcellona.esteri.it\/es\/news\/dal_consolato\/2026\/08\/e-nato-un-figlio-in-spagna-ecco-come-registrare-la-nascita\/\">\n                                    <span class=\"text\">Lee mas<\/span>\n                                    <svg class=\"icon\">\n                                    <use xlink:href=\"https:\/\/consbarcellona.esteri.it\/wp-content\/themes\/sedi-tema\/assets\/svg\/sprites.svg#it-arrow-right\"><\/use>\n                                    <\/svg>\n                                <\/a>\n                                                    <\/div>\n                    <\/div>\n                <\/div>\n                <!--end card-->\n                <\/div><!-- col-12 .mt-3-->\n                            <div class=\"col-12 mt-3\">\n                <!--start card-->\n                <div class=\"card-wrapper card-space\">\n                    <div class=\"card card-bg card-big border-bottom-card\">\n                        <div class=\"card-body \">\n                                                        <div class=\"category-top\">\n                                                                                                            <span class=\"\">\n                                        <svg class=\"icon icon-secondary\">\n                                            <use xlink:href=\"https:\/\/consbarcellona.esteri.it\/wp-content\/themes\/sedi-tema\/assets\/svg\/sprites.svg#it-calendar\"><\/use>\n                                        <\/svg> 20 agosto 2026                                    <\/span>\n                                                                    <\/div>\n                            <h5 class=\"card-title big-heading text-uppercase\"><a class=\"text-body text-decoration-none\" href=\"https:\/\/consbarcellona.esteri.it\/es\/news\/dal_consolato\/2026\/08\/iscrizione-allaire-ecco-come\/\" title=\"Registro AIRE: aqu\u00ed te mostramos c\u00f3mo hacerlo!\">Registro AIRE: aqu\u00ed te mostramos c\u00f3mo hacerlo!<\/a><\/h5>\n                            <p class=\"card-text\">El registro AIRE se solicita a trav\u00e9s de la p\u00e1gina de los servicios consulares online\u00a0Fast It. M\u00e1s informaci\u00f3n en nuestra p\u00e1gina web, secci\u00f3n AIRE.<\/p>\n                                <a title=\"Registro AIRE: aqu\u00ed te mostramos c\u00f3mo hacerlo!\" class=\"read-more\" href=\"https:\/\/consbarcellona.esteri.it\/es\/news\/dal_consolato\/2026\/08\/iscrizione-allaire-ecco-come\/\">\n                                    <span class=\"text\">Lee mas<\/span>\n                                    <svg class=\"icon\">\n                                    <use xlink:href=\"https:\/\/consbarcellona.esteri.it\/wp-content\/themes\/sedi-tema\/assets\/svg\/sprites.svg#it-arrow-right\"><\/use>\n                                    <\/svg>\n                                <\/a>\n                                                    <\/div>\n                    <\/div>\n                <\/div>\n                <!--end card-->\n                <\/div><!-- col-12 .mt-3-->\n                            <div class=\"col-12 mt-3\">\n                <!--start card-->\n                <div class=\"card-wrapper card-space\">\n                    <div class=\"card card-bg card-big border-bottom-card\">\n                        <div class=\"card-body \">\n                                                        <div class=\"category-top\">\n                                                                                                            <span class=\"\">\n                                        <svg class=\"icon icon-secondary\">\n                                            <use xlink:href=\"https:\/\/consbarcellona.esteri.it\/wp-content\/themes\/sedi-tema\/assets\/svg\/sprites.svg#it-calendar\"><\/use>\n                                        <\/svg> 8 agosto 2026                                    <\/span>\n                                                                    <\/div>\n                            <h5 class=\"card-title big-heading text-uppercase\"><a class=\"text-body text-decoration-none\" href=\"https:\/\/consbarcellona.esteri.it\/es\/news\/dal_consolato\/2026\/08\/assistenza-consolare-per-i-cittadini-italiani-in-spagna\/\" title=\"Assistenza consolare per i cittadini Italiani in Spagna\">Assistenza consolare per i cittadini Italiani in Spagna<\/a><\/h5>\n                            <p class=\"card-text\">A seguito della decisione del governo spagnolo di ripristinare i controlli alle frontiere interne nei porti e negli aeroporti per i viaggiatori provenienti dall\u2019Italia, la Farnesina ha rafforzato l\u2019assistenza dei consolati e dei suoi uffici diretta ai connazionali presenti in Spagna o in viaggio. \u00c8 stata aggiornata la pagina dedicata alla Spagna sul portale Viaggiare [&hellip;]<\/p>\n                                <a title=\"Assistenza consolare per i cittadini Italiani in Spagna\" class=\"read-more\" href=\"https:\/\/consbarcellona.esteri.it\/es\/news\/dal_consolato\/2026\/08\/assistenza-consolare-per-i-cittadini-italiani-in-spagna\/\">\n                                    <span class=\"text\">Lee mas<\/span>\n                                    <svg class=\"icon\">\n                                    <use xlink:href=\"https:\/\/consbarcellona.esteri.it\/wp-content\/themes\/sedi-tema\/assets\/svg\/sprites.svg#it-arrow-right\"><\/use>\n                                    <\/svg>\n                                <\/a>\n                                                    <\/div>\n                    <\/div>\n                <\/div>\n                <!--end card-->\n                <\/div><!-- col-12 .mt-3-->\n                            <div class=\"col-12 mt-3\">\n                <!--start card-->\n                <div class=\"card-wrapper card-space\">\n                    <div class=\"card card-bg card-big border-bottom-card\">\n                        <div class=\"card-body \">\n                                                        <div class=\"category-top\">\n                                                                                                            <span class=\"\">\n                                        <svg class=\"icon icon-secondary\">\n                                            <use xlink:href=\"https:\/\/consbarcellona.esteri.it\/wp-content\/themes\/sedi-tema\/assets\/svg\/sprites.svg#it-calendar\"><\/use>\n                                        <\/svg> 3 agosto 2026                                    <\/span>\n                                                                    <\/div>\n                            <h5 class=\"card-title big-heading text-uppercase\"><a class=\"text-body text-decoration-none\" href=\"https:\/\/consbarcellona.esteri.it\/es\/news\/dal_consolato\/2026\/08\/consulado-transparente-aqui-estan-las-cifras-23\/\" title=\"Consulado transparente: aqu\u00ed est\u00e1n las cifras (23)\">Consulado transparente: aqu\u00ed est\u00e1n las cifras (23)<\/a><\/h5>\n                            <p class=\"card-text\">\u00a1Julio, el mejor mes de la historia! Se ha batido todo r\u00e9cord en la expedici\u00f3n de documentos de viaje en el Consulado General: 1.680 pasaportes expedidos, un 55 % m\u00e1s que en julio de 2025 y un 52 % m\u00e1s que en julio de 2024. En cuanto a las CIE, en julio se tramitaron 1.171 [&hellip;]<\/p>\n                                <a title=\"Consulado transparente: aqu\u00ed est\u00e1n las cifras (23)\" class=\"read-more\" href=\"https:\/\/consbarcellona.esteri.it\/es\/news\/dal_consolato\/2026\/08\/consulado-transparente-aqui-estan-las-cifras-23\/\">\n                                    <span class=\"text\">Lee mas<\/span>\n                                    <svg class=\"icon\">\n                                    <use xlink:href=\"https:\/\/consbarcellona.esteri.it\/wp-content\/themes\/sedi-tema\/assets\/svg\/sprites.svg#it-arrow-right\"><\/use>\n                                    <\/svg>\n                                <\/a>\n                                                    <\/div>\n                    <\/div>\n                <\/div>\n                <!--end card-->\n                <\/div><!-- col-12 .mt-3-->\n                            <div class=\"col-12 mt-3\">\n                <!--start card-->\n                <div class=\"card-wrapper card-space\">\n                    <div class=\"card card-bg card-big border-bottom-card\">\n                        <div class=\"card-body \">\n                                                        <div class=\"category-top\">\n                                                                                                            <span class=\"\">\n                                        <svg class=\"icon icon-secondary\">\n                                            <use xlink:href=\"https:\/\/consbarcellona.esteri.it\/wp-content\/themes\/sedi-tema\/assets\/svg\/sprites.svg#it-calendar\"><\/use>\n                                        <\/svg> 31 julio 2026                                    <\/span>\n                                                                    <\/div>\n                            <h5 class=\"card-title big-heading text-uppercase\"><a class=\"text-body text-decoration-none\" href=\"https:\/\/consbarcellona.esteri.it\/es\/news\/dal_consolato\/2026\/07\/servicio-dedicado-a-los-ciudadanos-italianos-mayores-de-70-anos\/\" title=\"SERVICIO DEDICADO A LOS CIUDADANOS ITALIANOS MAYORES DE 70 A\u00d1OS\">SERVICIO DEDICADO A LOS CIUDADANOS ITALIANOS MAYORES DE 70 A\u00d1OS<\/a><\/h5>\n                            <p class=\"card-text\">El Consulado General de Italia en Barcelona informa de que, a partir del 3 de agosto de 2026, los compatriotas debidamente inscritos en el AIRE en la circunscripci\u00f3n consular de Barcelona, que hayan cumplido 70 a\u00f1os y que no dispongan de un documento v\u00e1lido o que est\u00e9 a punto de caducar, podr\u00e1n acudir al Consulado [&hellip;]<\/p>\n                                <a title=\"SERVICIO DEDICADO A LOS CIUDADANOS ITALIANOS MAYORES DE 70 A\u00d1OS\" class=\"read-more\" href=\"https:\/\/consbarcellona.esteri.it\/es\/news\/dal_consolato\/2026\/07\/servicio-dedicado-a-los-ciudadanos-italianos-mayores-de-70-anos\/\">\n                                    <span class=\"text\">Lee mas<\/span>\n                                    <svg class=\"icon\">\n                                    <use xlink:href=\"https:\/\/consbarcellona.esteri.it\/wp-content\/themes\/sedi-tema\/assets\/svg\/sprites.svg#it-arrow-right\"><\/use>\n                                    <\/svg>\n                                <\/a>\n                                                    <\/div>\n                    <\/div>\n                <\/div>\n                <!--end card-->\n                <\/div><!-- col-12 .mt-3-->\n                            <div class=\"col-12 mt-3\">\n                <!--start card-->\n                <div class=\"card-wrapper card-space\">\n                    <div class=\"card card-bg card-big border-bottom-card\">\n                        <div class=\"card-body \">\n                                                        <div class=\"category-top\">\n                                                                                                            <span class=\"\">\n                                        <svg class=\"icon icon-secondary\">\n                                            <use xlink:href=\"https:\/\/consbarcellona.esteri.it\/wp-content\/themes\/sedi-tema\/assets\/svg\/sprites.svg#it-calendar\"><\/use>\n                                        <\/svg> 30 julio 2026                                    <\/span>\n                                                                    <\/div>\n                            <h5 class=\"card-title big-heading text-uppercase\"><a class=\"text-body text-decoration-none\" href=\"https:\/\/consbarcellona.esteri.it\/es\/news\/dal_consolato\/2026\/07\/documentos-de-identidad-electronicos-validez-ilimitada-de-los-cie-expedidos-a-nombre-de-ciudadanos-mayores-de-setenta-anos\/\" title=\"DOCUMENTOS DE IDENTIDAD ELECTR\u00d3NICOS: VALIDEZ ILIMITADA DE LOS CIE EXPEDIDOS A NOMBRE DE CIUDADANOS MAYORES DE SETENTA A\u00d1OS\">DOCUMENTOS DE IDENTIDAD ELECTR\u00d3NICOS: VALIDEZ ILIMITADA DE LOS CIE EXPEDIDOS A NOMBRE DE CIUDADANOS MAYORES DE SETENTA A\u00d1OS<\/a><\/h5>\n                            <p class=\"card-text\">Se informa de que, a partir del 30 de julio de 2026, el DNI electr\u00f3nico expedido a los ciudadanos que tengan setenta a\u00f1os o m\u00e1s en el momento de solicitar su expedici\u00f3n tendr\u00e1 una validez ilimitada y podr\u00e1 seguir utiliz\u00e1ndose para viajar al extranjero. La validez ilimitada del documento no se aplica en los siguientes [&hellip;]<\/p>\n                                <a title=\"DOCUMENTOS DE IDENTIDAD ELECTR\u00d3NICOS: VALIDEZ ILIMITADA DE LOS CIE EXPEDIDOS A NOMBRE DE CIUDADANOS MAYORES DE SETENTA A\u00d1OS\" class=\"read-more\" href=\"https:\/\/consbarcellona.esteri.it\/es\/news\/dal_consolato\/2026\/07\/documentos-de-identidad-electronicos-validez-ilimitada-de-los-cie-expedidos-a-nombre-de-ciudadanos-mayores-de-setenta-anos\/\">\n                                    <span class=\"text\">Lee mas<\/span>\n                                    <svg class=\"icon\">\n                                    <use xlink:href=\"https:\/\/consbarcellona.esteri.it\/wp-content\/themes\/sedi-tema\/assets\/svg\/sprites.svg#it-arrow-right\"><\/use>\n                                    <\/svg>\n                                <\/a>\n                                                    <\/div>\n                    <\/div>\n                <\/div>\n                <!--end card-->\n                <\/div><!-- col-12 .mt-3-->\n                            <div class=\"col-12 mt-3\">\n                <!--start card-->\n                <div class=\"card-wrapper card-space\">\n                    <div class=\"card card-bg card-big border-bottom-card\">\n                        <div class=\"card-body \">\n                                                        <div class=\"category-top\">\n                                                                                                            <span class=\"\">\n                                        <svg class=\"icon icon-secondary\">\n                                            <use xlink:href=\"https:\/\/consbarcellona.esteri.it\/wp-content\/themes\/sedi-tema\/assets\/svg\/sprites.svg#it-calendar\"><\/use>\n                                        <\/svg> 9 junio 2026                                    <\/span>\n                                                                    <\/div>\n                            <h5 class=\"card-title big-heading text-uppercase\"><a class=\"text-body text-decoration-none\" href=\"https:\/\/consbarcellona.esteri.it\/es\/news\/dal_consolato\/2026\/06\/missione-del-funzionario-itinerante-per-passaporti-a-platja-daro-2-luglio-2026\/\" title=\"MISSIONE DEL FUNZIONARIO ITINERANTE PER PASSAPORTI A PLATJA D\u2019ARO, 2 LUGLIO 2026\">MISSIONE DEL FUNZIONARIO ITINERANTE PER PASSAPORTI A PLATJA D\u2019ARO, 2 LUGLIO 2026<\/a><\/h5>\n                            <p class=\"card-text\">Se informa a los ciudadanos italianos residentes en la circunscripci\u00f3n consular de Girona que el Consulado General de Italia en Barcelona organizar\u00e1 una misi\u00f3n para atender al p\u00fablico y recoger los datos biom\u00e9tricos necesarios para tramitar las solicitudes de pasaporte. El 2 de julio, un equipo m\u00f3vil estar\u00e1 ubicado en Platja d&#8217;Aro para recoger las [&hellip;]<\/p>\n                                <a title=\"MISSIONE DEL FUNZIONARIO ITINERANTE PER PASSAPORTI A PLATJA D\u2019ARO, 2 LUGLIO 2026\" class=\"read-more\" href=\"https:\/\/consbarcellona.esteri.it\/es\/news\/dal_consolato\/2026\/06\/missione-del-funzionario-itinerante-per-passaporti-a-platja-daro-2-luglio-2026\/\">\n                                    <span class=\"text\">Lee mas<\/span>\n                                    <svg class=\"icon\">\n                                    <use xlink:href=\"https:\/\/consbarcellona.esteri.it\/wp-content\/themes\/sedi-tema\/assets\/svg\/sprites.svg#it-arrow-right\"><\/use>\n                                    <\/svg>\n                                <\/a>\n                                                    <\/div>\n                    <\/div>\n                <\/div>\n                <!--end card-->\n                <\/div><!-- col-12 .mt-3-->\n                            <div class=\"col-12 mt-3\">\n                <!--start card-->\n                <div class=\"card-wrapper card-space\">\n                    <div class=\"card card-bg card-big border-bottom-card\">\n                        <div class=\"card-body \">\n                                                        <div class=\"category-top\">\n                                                                                                            <span class=\"\">\n                                        <svg class=\"icon icon-secondary\">\n                                            <use xlink:href=\"https:\/\/consbarcellona.esteri.it\/wp-content\/themes\/sedi-tema\/assets\/svg\/sprites.svg#it-calendar\"><\/use>\n                                        <\/svg> 18 mayo 2026                                    <\/span>\n                                                                    <\/div>\n                            <h5 class=\"card-title big-heading text-uppercase\"><a class=\"text-body text-decoration-none\" href=\"https:\/\/consbarcellona.esteri.it\/es\/news\/dal_consolato\/2026\/05\/riapertura-ufficio-consolare-onorario-a-ibiza\/\" title=\"REAPERTURA DE LA OFICINA CONSULAR HONORARIA EN IBIZA\">REAPERTURA DE LA OFICINA CONSULAR HONORARIA EN IBIZA<\/a><\/h5>\n                            <p class=\"card-text\">El Consulado General anuncia la reapertura, a partir de hoy, del Viceconsulado Honorario de Italia en Ibiza. A partir de hoy, los compatriotas residentes en las islas de Ibiza y Formentera podr\u00e1n dirigirse a la nueva oficina para solicitar la expedici\u00f3n del pasaporte italiano, as\u00ed como para acceder a los dem\u00e1s servicios consulares que entran [&hellip;]<\/p>\n                                <a title=\"REAPERTURA DE LA OFICINA CONSULAR HONORARIA EN IBIZA\" class=\"read-more\" href=\"https:\/\/consbarcellona.esteri.it\/es\/news\/dal_consolato\/2026\/05\/riapertura-ufficio-consolare-onorario-a-ibiza\/\">\n                                    <span class=\"text\">Lee mas<\/span>\n                                    <svg class=\"icon\">\n                                    <use xlink:href=\"https:\/\/consbarcellona.esteri.it\/wp-content\/themes\/sedi-tema\/assets\/svg\/sprites.svg#it-arrow-right\"><\/use>\n                                    <\/svg>\n                                <\/a>\n                                                    <\/div>\n                    <\/div>\n                <\/div>\n                <!--end card-->\n                <\/div><!-- col-12 .mt-3-->\n                            <div class=\"col-12 mt-3\">\n                <!--start card-->\n                <div class=\"card-wrapper card-space\">\n                    <div class=\"card card-bg card-big border-bottom-card\">\n                        <div class=\"card-body \">\n                                                        <div class=\"category-top\">\n                                                                                                            <span class=\"\">\n                                        <svg class=\"icon icon-secondary\">\n                                            <use xlink:href=\"https:\/\/consbarcellona.esteri.it\/wp-content\/themes\/sedi-tema\/assets\/svg\/sprites.svg#it-calendar\"><\/use>\n                                        <\/svg> 11 mayo 2026                                    <\/span>\n                                                                    <\/div>\n                            <h5 class=\"card-title big-heading text-uppercase\"><a class=\"text-body text-decoration-none\" href=\"https:\/\/consbarcellona.esteri.it\/es\/news\/dal_consolato\/2026\/05\/passaporto-urgente-come-attivare-la-procedura\/\" title=\"Pasaporte urgente &#8211; Como solicitarlo\">Pasaporte urgente &#8211; Como solicitarlo<\/a><\/h5>\n                            <p class=\"card-text\">\u00bfEst\u00e1s inscrito en el AIRE en el Consulado General de Italia en Barcelona? \u00bfHas programado un viaje urgente por motivos de trabajo, estudios o salud? \u00bfTu banco te pide un documento v\u00e1lido para mantener tu cuenta corriente activa? &nbsp; \u00a1Entonces no te preocupes! &nbsp; \u00a1Solo tienes que seguir las instrucciones de nuestra p\u00e1gina web, enviar [&hellip;]<\/p>\n                                <a title=\"Pasaporte urgente &#8211; Como solicitarlo\" class=\"read-more\" href=\"https:\/\/consbarcellona.esteri.it\/es\/news\/dal_consolato\/2026\/05\/passaporto-urgente-come-attivare-la-procedura\/\">\n                                    <span class=\"text\">Lee mas<\/span>\n                                    <svg class=\"icon\">\n                                    <use xlink:href=\"https:\/\/consbarcellona.esteri.it\/wp-content\/themes\/sedi-tema\/assets\/svg\/sprites.svg#it-arrow-right\"><\/use>\n                                    <\/svg>\n                                <\/a>\n                                                    <\/div>\n                    <\/div>\n                <\/div>\n                <!--end card-->\n                <\/div><!-- col-12 .mt-3-->\n            \n            <div class=\"col-md-12 mt-4 pb-4\">\n                <nav class=\"navigation col-md-12\" aria-label=\"Navigation\">\n                    <h2 class=\"screen-reader-text visually-hidden\">Paginaci\u00f3n<\/h2>\n                    <div class=\"nav-links\">\n                    <span aria-current=\"page\" class=\"page-numbers current\">1<\/span>\n<a class=\"page-numbers\" href=\"https:\/\/consbarcellona.esteri.it\/es\/wp-json\/wp\/v2\/pages\/142\/?pag=2\">2<\/a>\n<a class=\"page-numbers\" href=\"https:\/\/consbarcellona.esteri.it\/es\/wp-json\/wp\/v2\/pages\/142\/?pag=3\">3<\/a>\n<span class=\"page-numbers dots\">&hellip;<\/span>\n<a class=\"page-numbers\" href=\"https:\/\/consbarcellona.esteri.it\/es\/wp-json\/wp\/v2\/pages\/142\/?pag=59\">59<\/a>\n<a class=\"next page-numbers\" href=\"https:\/\/consbarcellona.esteri.it\/es\/wp-json\/wp\/v2\/pages\/142\/?pag=2\"><svg class=\"icon icon-primary\"><use xlink:href=\"https:\/\/consbarcellona.esteri.it\/wp-content\/themes\/sedi-tema\/assets\/svg\/sprites.svg#it-chevron-right\"><\/use><\/svg>\n                                    <span class=\"visually-hidden\">Siguiente p\u00e1gina<\/span><\/a>                    <\/div>\n                <\/nav>\n            <\/div>   <!--.col-md-12 -->\n              <\/div><!--.row -->\n              \n","protected":false},"excerpt":{"rendered":"","protected":false},"author":1,"featured_media":0,"parent":0,"menu_order":10,"comment_status":"closed","ping_status":"closed","template":"","meta":{"footnotes":""},"class_list":["post-142","page","type-page","status-publish","hentry"],"_links":{"self":[{"href":"https:\/\/consbarcellona.esteri.it\/es\/wp-json\/wp\/v2\/pages\/142","targetHints":{"allow":["GET"]}}],"collection":[{"href":"https:\/\/consbarcellona.esteri.it\/es\/wp-json\/wp\/v2\/pages"}],"about":[{"href":"https:\/\/consbarcellona.esteri.it\/es\/wp-json\/wp\/v2\/types\/page"}],"author":[{"embeddable":true,"href":"https:\/\/consbarcellona.esteri.it\/es\/wp-json\/wp\/v2\/users\/1"}],"replies":[{"embeddable":true,"href":"https:\/\/consbarcellona.esteri.it\/es\/wp-json\/wp\/v2\/comments?post=142"}],"version-history":[{"count":3,"href":"https:\/\/consbarcellona.esteri.it\/es\/wp-json\/wp\/v2\/pages\/142\/revisions"}],"predecessor-version":[{"id":153,"href":"https:\/\/consbarcellona.esteri.it\/es\/wp-json\/wp\/v2\/pages\/142\/revisions\/153"}],"wp:attachment":[{"href":"https:\/\/consbarcellona.esteri.it\/es\/wp-json\/wp\/v2\/media?parent=142"}],"curies":[{"name":"wp","href":"https:\/\/api.w.org\/{rel}","templated":true}]}}